{"id":563,"date":"2025-03-13T11:04:50","date_gmt":"2025-03-13T10:04:50","guid":{"rendered":"https:\/\/lagraineblanquefort.fr\/?post_type=tribe_events&#038;p=563"},"modified":"2025-04-17T16:30:14","modified_gmt":"2025-04-17T14:30:14","slug":"dej-de-la-graine-les-petits-garstronomes","status":"publish","type":"tribe_events","link":"https:\/\/lagraineblanquefort.fr\/index.php\/evenement\/dej-de-la-graine-les-petits-garstronomes\/","title":{"rendered":"d\u00e9j&rsquo; de la graine &#8211;  \u00ab\u00a0les petits gars&rsquo;tronomes\u00a0\u00bb"},"content":{"rendered":"<div  class=\"tribe-events-schedule tribe-clearfix\" >\n\t<p class=\"tribe-events-schedule__datetime\">\n\t\t<span class=\"tribe-events-schedule__date tribe-events-schedule__date--start\">\n\t\t\t22 avril 2025\t\t<\/span>\n\n\t\t\t\t\t<span class=\"tribe-events-schedule__separator tribe-events-schedule__separator--date\">\n\t\t\t\t @ \t\t\t<\/span>\n\t\t\t<span class=\"tribe-events-schedule__time tribe-events-schedule__time--start\">\n\t\t\t\t11h30\t\t\t<\/span>\n\t\t\n\t\t\t\t\t\t\t\t\t<span class=\"tribe-events-schedule__separator tribe-events-schedule__separator--time\">\n\t\t\t\t\t &#8211; \t\t\t\t<\/span>\n\t\t\t\n\t\t\t\t\t\t\t<span class=\"tribe-events-schedule__time tribe-events-schedule__time--end\">\n\t\t\t\t\t14h00\t\t\t\t<\/span>\n\t\t\t\n\t\t\t\t\t\t<\/p>\n<\/div>\n\n\n<div class=\"wp-block-image\">\n<figure class=\"aligncenter size-full\"><img fetchpriority=\"high\" decoding=\"async\" width=\"452\" height=\"369\" src=\"https:\/\/lagraineblanquefort.fr\/wp-content\/uploads\/2025\/03\/lespetitsgarstronomes.jpg\" alt=\"\" class=\"wp-image-564\" srcset=\"https:\/\/lagraineblanquefort.fr\/wp-content\/uploads\/2025\/03\/lespetitsgarstronomes.jpg 452w, https:\/\/lagraineblanquefort.fr\/wp-content\/uploads\/2025\/03\/lespetitsgarstronomes-300x245.jpg 300w\" sizes=\"(max-width: 452px) 100vw, 452px\" \/><\/figure><\/div>\n\n\n<p>\ud83c\udf7d\ufe0f <strong>Au menu du mardi 22 mars au Bard\u2019Arts : saveurs gourmandes &amp; pause d\u00e9tente<\/strong><\/p>\n\n\n\n<p>Ce mardi, le Bard\u2019Arts vous invite \u00e0 faire une pause pleine de douceur et de gourmandise autour d\u2019un menu maison \u00e0 prix tout doux :<\/p>\n\n\n\n<p>\ud83d\udc49 <strong>Formule Plat \/ Dessert \/ Caf\u00e9 \u00e0 14 \u20ac<\/strong><br>\ud83d\udc49 <strong>Plat seul \u00e0 11 \u20ac<\/strong><\/p>\n\n\n\n<p>Au programme dans l\u2019assiette :<\/p>\n\n\n\n<ul class=\"wp-block-list\">\n<li><strong>Poulet pesto<\/strong>, cuisson basse temp\u00e9rature, tomates cerises et ail confits, mozzarella, servit avec risotto<\/li>\n\n\n\n<li><strong>V\u00e9g\u00e9 : Parmigiana<\/strong>, aubergines confites, tomates, mozzarella, parmesan, basilic.<\/li>\n\n\n\n<li><strong>Panna cotta kiwi-citron<\/strong> (\u26a0\ufe0f contient du lactose)<\/li>\n<\/ul>\n\n\n\n<p>\ud83d\udce9 <strong>Pensez \u00e0 r\u00e9server vos repas avant lundi midi<\/strong> par message au <strong>06 52 86 45 01<\/strong><br>(plus c\u2019est anticip\u00e9, mieux c\u2019est \ud83d\ude09)<\/p>\n\n\n\n<p>Et pour accompagner ce moment de plaisir, <strong>notre masseuse Nina<\/strong> sera \u00e9galement pr\u00e9sente pour vous offrir une parenth\u00e8se bien-\u00eatre.<br>\ud83d\udc86\u200d\u2640\ufe0f <strong>5 \u20ac les 8 minutes<\/strong>, possibilit\u00e9 de doubler le temps si vous le souhaitez. Pas besoin de rendez-vous, paiement directement aupr\u00e8s de Nina.<\/p>\n\n\n\n<p>On vous attend mardi avec le sourire !<br>\u2014 L\u2019\u00e9quipe du Bard\u2019Arts<\/p>\n\n\n<div  class=\"tribe-block tribe-block__event-price\" >\n\t\t<\/div>\n\n\n<div  class=\"tribe-block tribe-block__organizer__details tribe-clearfix\" >\n\t<div class=\"tribe-block__organizer__title\">\n\t\t<h3>Le Bard\u2019arts de La Graine<\/h3>\n\t<\/div>\n\t\t\t\t\t<p class=\"tribe-block__organizer__email\">ju&#108;ie.&#103;&#097;&#116;t&#105;.artherap&#064;&#103;m&#097;i&#108;.c&#111;m<\/p>\n\t<\/div>\n\n\n<div  class=\"tribe-block tribe-block__venue tribe-clearfix tribe-block__venue--has-map\" >\n\t\n\t\n<div class=\"tribe-block__venue__meta\">\n\t<div class=\"tribe-block__venue__name\">\n\t\t<h3>La Graine<\/h3>\n\t<\/div>\n\n\t\n\t\t\t\t\t\t<address class=\"tribe-block__venue__address\">\n\t\t\t\t<span class=\"tribe-address\">\n\n<span class=\"tribe-street-address\">2 rue Peybois<\/span>\n\t\n\t\t<br>\n\t\t<span class=\"tribe-locality\">Blanquefort<\/span><span class=\"tribe-delimiter\">,<\/span>\n\n\n\t<span class=\"tribe-postal-code\">33290<\/span>\n\n\t<span class=\"tribe-country-name\">France<\/span>\n\n<\/span>\n\n\t\t\t\t\t\t\t\t\t<a class=\"tribe-events-gmap\" href=\"https:\/\/maps.google.com\/maps?f=q&#038;source=s_q&#038;hl=en&#038;geocode=&#038;q=2+rue+Peybois+Blanquefort+33290+France\" title=\"Cliquez pour voir une carte Google Map\" target=\"_blank\" rel=\"noreferrer noopener\">+ Google Map<\/a>\t\t\t\t\t\t\t<\/address>\n\t\t\n\t\t\n\t\t\t\t\t<span class=\"tribe-block__venue__website\"><a href=\"https:\/\/lagraineblanquefort.fr\" target=\"_self\" rel=\"external\">Voir Lieu site web<\/a><\/span><br \/>\n\t\t\t\n\t<\/div>\n\t\n<div class=\"tribe-block__venue__map\">\n\t\n<iframe\n  title=\"L\u2018iframe Google maps affichant l\u2019adresse \u00e0 La Graine\"\n  aria-label=\"Plan des lieux\"\n  width=\"310px\"\n  height=\"256px\"\n  frameborder=\"0\" style=\"border:0\"\n  src=\"https:\/\/www.google.com\/maps\/embed\/v1\/place?key=AIzaSyDNsicAsP6-VuGtAb1O9riI3oc_NOb7IOU&#038;q=2+rue+Peybois+Blanquefort+33290+France+&#038;zoom=10\" allowfullscreen>\n<\/iframe>\n<\/div>\n\n\t<\/div>\n\n\n\n<ul class=\"wp-block-social-links is-layout-flex wp-block-social-links-is-layout-flex\"><li class=\"wp-social-link wp-social-link-facebook  wp-block-social-link\"><a href=\"https:\/\/www.facebook.com\/profile.php?id=61552362634557\" class=\"wp-block-social-link-anchor\"><svg width=\"24\" height=\"24\" viewBox=\"0 0 24 24\" version=\"1.1\" xmlns=\"http:\/\/www.w3.org\/2000\/svg\" aria-hidden=\"true\" focusable=\"false\"><path d=\"M12 2C6.5 2 2 6.5 2 12c0 5 3.7 9.1 8.4 9.9v-7H7.9V12h2.5V9.8c0-2.5 1.5-3.9 3.8-3.9 1.1 0 2.2.2 2.2.2v2.5h-1.3c-1.2 0-1.6.8-1.6 1.6V12h2.8l-.4 2.9h-2.3v7C18.3 21.1 22 17 22 12c0-5.5-4.5-10-10-10z\"><\/path><\/svg><span class=\"wp-block-social-link-label screen-reader-text\">Facebook<\/span><\/a><\/li>\n\n<li class=\"wp-social-link wp-social-link-instagram  wp-block-social-link\"><a href=\"https:\/\/www.instagram.com\/lagraine_blanquefort\/\" class=\"wp-block-social-link-anchor\"><svg width=\"24\" height=\"24\" viewBox=\"0 0 24 24\" version=\"1.1\" xmlns=\"http:\/\/www.w3.org\/2000\/svg\" aria-hidden=\"true\" focusable=\"false\"><path d=\"M12,4.622c2.403,0,2.688,0.009,3.637,0.052c0.877,0.04,1.354,0.187,1.671,0.31c0.42,0.163,0.72,0.358,1.035,0.673 c0.315,0.315,0.51,0.615,0.673,1.035c0.123,0.317,0.27,0.794,0.31,1.671c0.043,0.949,0.052,1.234,0.052,3.637 s-0.009,2.688-0.052,3.637c-0.04,0.877-0.187,1.354-0.31,1.671c-0.163,0.42-0.358,0.72-0.673,1.035 c-0.315,0.315-0.615,0.51-1.035,0.673c-0.317,0.123-0.794,0.27-1.671,0.31c-0.949,0.043-1.233,0.052-3.637,0.052 s-2.688-0.009-3.637-0.052c-0.877-0.04-1.354-0.187-1.671-0.31c-0.42-0.163-0.72-0.358-1.035-0.673 c-0.315-0.315-0.51-0.615-0.673-1.035c-0.123-0.317-0.27-0.794-0.31-1.671C4.631,14.688,4.622,14.403,4.622,12 s0.009-2.688,0.052-3.637c0.04-0.877,0.187-1.354,0.31-1.671c0.163-0.42,0.358-0.72,0.673-1.035 c0.315-0.315,0.615-0.51,1.035-0.673c0.317-0.123,0.794-0.27,1.671-0.31C9.312,4.631,9.597,4.622,12,4.622 M12,3 C9.556,3,9.249,3.01,8.289,3.054C7.331,3.098,6.677,3.25,6.105,3.472C5.513,3.702,5.011,4.01,4.511,4.511 c-0.5,0.5-0.808,1.002-1.038,1.594C3.25,6.677,3.098,7.331,3.054,8.289C3.01,9.249,3,9.556,3,12c0,2.444,0.01,2.751,0.054,3.711 c0.044,0.958,0.196,1.612,0.418,2.185c0.23,0.592,0.538,1.094,1.038,1.594c0.5,0.5,1.002,0.808,1.594,1.038 c0.572,0.222,1.227,0.375,2.185,0.418C9.249,20.99,9.556,21,12,21s2.751-0.01,3.711-0.054c0.958-0.044,1.612-0.196,2.185-0.418 c0.592-0.23,1.094-0.538,1.594-1.038c0.5-0.5,0.808-1.002,1.038-1.594c0.222-0.572,0.375-1.227,0.418-2.185 C20.99,14.751,21,14.444,21,12s-0.01-2.751-0.054-3.711c-0.044-0.958-0.196-1.612-0.418-2.185c-0.23-0.592-0.538-1.094-1.038-1.594 c-0.5-0.5-1.002-0.808-1.594-1.038c-0.572-0.222-1.227-0.375-2.185-0.418C14.751,3.01,14.444,3,12,3L12,3z M12,7.378 c-2.552,0-4.622,2.069-4.622,4.622S9.448,16.622,12,16.622s4.622-2.069,4.622-4.622S14.552,7.378,12,7.378z M12,15 c-1.657,0-3-1.343-3-3s1.343-3,3-3s3,1.343,3,3S13.657,15,12,15z M16.804,6.116c-0.596,0-1.08,0.484-1.08,1.08 s0.484,1.08,1.08,1.08c0.596,0,1.08-0.484,1.08-1.08S17.401,6.116,16.804,6.116z\"><\/path><\/svg><span class=\"wp-block-social-link-label screen-reader-text\">Instagram<\/span><\/a><\/li><\/ul>\n\n\n\n\n\t<div  class=\"tribe-block tribe-block__events-link\" >\n\t\t<div class=\"tribe-events tribe-common\">\n\t\t\t<div class=\"tribe-events-c-subscribe-dropdown__container\">\n\t\t\t\t<div class=\"tribe-events-c-subscribe-dropdown\">\n\t\t\t\t\t<div class=\"tribe-common-c-btn-border tribe-events-c-subscribe-dropdown__button\">\n\t\t\t\t\t\t<svg\n\t class=\"tribe-common-c-svgicon tribe-common-c-svgicon--cal-export tribe-events-c-subscribe-dropdown__export-icon\" \taria-hidden=\"true\"\n\tviewBox=\"0 0 23 17\"\n\txmlns=\"http:\/\/www.w3.org\/2000\/svg\"\n>\n\t<path fill-rule=\"evenodd\" clip-rule=\"evenodd\" d=\"M.128.896V16.13c0 .211.145.383.323.383h15.354c.179 0 .323-.172.323-.383V.896c0-.212-.144-.383-.323-.383H.451C.273.513.128.684.128.896Zm16 6.742h-.901V4.679H1.009v10.729h14.218v-3.336h.901V7.638ZM1.01 1.614h14.218v2.058H1.009V1.614Z\" \/>\n\t<path d=\"M20.5 9.846H8.312M18.524 6.953l2.89 2.909-2.855 2.855\" stroke-width=\"1.2\" stroke-linecap=\"round\" stroke-linejoin=\"round\"\/>\n<\/svg>\n\t\t\t\t\t\t<button\n\t\t\t\t\t\t\tclass=\"tribe-events-c-subscribe-dropdown__button-text\"\n\t\t\t\t\t\t\taria-expanded=\"false\"\n\t\t\t\t\t\t\taria-controls=\"tribe-events-subscribe-dropdown-content\"\n\t\t\t\t\t\t\taria-label=\"Afficher les liens permettant d\u2019ajouter des \u00e9v\u00e8nements \u00e0 votre calendrier\"\n\t\t\t\t\t\t>\n\t\t\t\t\t\t\tAjouter au calendrier\t\t\t\t\t\t<\/button>\n\t\t\t\t\t\t<svg\n\t class=\"tribe-common-c-svgicon tribe-common-c-svgicon--caret-down tribe-events-c-subscribe-dropdown__button-icon\" \taria-hidden=\"true\"\n\tviewBox=\"0 0 10 7\"\n\txmlns=\"http:\/\/www.w3.org\/2000\/svg\"\n>\n\t<path fill-rule=\"evenodd\" clip-rule=\"evenodd\" d=\"M1.008.609L5 4.6 8.992.61l.958.958L5 6.517.05 1.566l.958-.958z\" class=\"tribe-common-c-svgicon__svg-fill\"\/>\n<\/svg>\n\t\t\t\t\t<\/div>\n\t\t\t\t\t<div id=\"tribe-events-subscribe-dropdown-content\" class=\"tribe-events-c-subscribe-dropdown__content\">\n\t\t\t\t\t\t<ul class=\"tribe-events-c-subscribe-dropdown__list\">\n\t\t\t\t\t\t\t\t\t\t\t\t\t\t\t<li class=\"tribe-events-c-subscribe-dropdown__list-item tribe-events-c-subscribe-dropdown__list-item--gcal\">\n\t\t\t\t\t\t\t\t\t<a\n\t\t\t\t\t\t\t\t\t\thref=\"https:\/\/www.google.com\/calendar\/event?action=TEMPLATE&#038;dates=20250422T113000\/20250422T140000&#038;text=d%C3%A9j%26rsquo%3B%20de%20la%20graine%20%26%238211%3B%20%20%C2%AB%C2%A0les%20petits%20gars%26rsquo%3Btronomes%C2%A0%C2%BB&#038;details=%3Cfigure+class%3D%22wp-block-image+aligncenter+size-full%22%3E%3Cimg+src%3D%22https%3A%2F%2Flagraineblanquefort.fr%2Fwp-content%2Fuploads%2F2025%2F03%2Flespetitsgarstronomes.jpg%22+alt%3D%22%22+class%3D%22wp-image-564%22%2F%3E%3C%2Ffigure%3E%3Cp%3E%F0%9F%8D%BD%EF%B8%8F+%3Cstrong%3EAu+menu+du+mardi+22+mars+au+Bard%E2%80%99Arts+%3A+saveurs+gourmandes+%26amp%3B+pause+d%C3%A9tente%3C%2Fstrong%3E%3C%2Fp%3E+%3Cp%3ECe+mardi%2C+le+Bard%E2%80%99Arts+vous+invite+%C3%A0+faire+une+pause+pleine+de+douceur+et+de+gourmandise+autour+d%E2%80%99un+menu+maison+%C3%A0+prix+tout+doux+%3A%3C%2Fp%3E+%3Cp%3E%F0%9F%91%89+%3Cstrong%3EFormule+Plat+%2F+Dessert+%2F+Caf%C3%A9+%C3%A0+14+%E2%82%AC%3C%2Fstrong%3E%3Cbr+%2F%3E%F0%9F%91%89+%3Cstrong%3EPlat+seul+%C3%A0+11+%E2%82%AC%3C%2Fstrong%3E%3C%2Fp%3E+%3Cp%3EAu+programme+dans+l%E2%80%99assiette+%3A%3C%2Fp%3E+%3Cul+class%3D%22wp-block-list%22%3E%3Cli%3E%3Cstrong%3EPoulet+pesto%3C%2Fstrong%3E%2C+cuisson+basse+temp%C3%A9rature%2C+tomates+cerises+et+ail+confits%2C+mozzarella%2C+servit+avec+risotto%3C%2Fli%3E%3Cli%3E%3Cstrong%3EV%C3%A9g%C3%A9+%3A+Parmigiana%3C%2Fstrong%3E%2C+aubergines+confites%2C+tomates%2C+mozzarella%2C+parmesan%2C+basilic.%3C%2Fli%3E%3Cli%3E%3Cstrong%3EPanna+cotta+kiwi-citron%3C%2Fstrong%3E+%28%E2%9A%A0%EF%B8%8F+contient+du+lactose%29%3C%2Fli%3E%3C%2Ful%3E%3Cp%3E%F0%9F%93%A9+%3Cstr%3C%2Fp%3E%28Voir+toute+la+description+de+%C3%A9v%C3%A8nement+ici%C2%A0%3A+https%3A%2F%2Flagraineblanquefort.fr%2Findex.php%2Fevenement%2Fdej-de-la-graine-les-petits-garstronomes%2F%29&#038;location=La%20Graine,%202%20rue%20Peybois,%20Blanquefort,%2033290,%20France&#038;trp=false&#038;ctz=Europe\/Paris&#038;sprop=website:https:\/\/lagraineblanquefort.fr\"\n\t\t\t\t\t\t\t\t\t\tclass=\"tribe-events-c-subscribe-dropdown__list-item-link\"\n\t\t\t\t\t\t\t\t\t\ttarget=\"_blank\"\n\t\t\t\t\t\t\t\t\t\trel=\"noopener noreferrer nofollow noindex\"\n\t\t\t\t\t\t\t\t\t>\n\t\t\t\t\t\t\t\t\t\tGoogle Agenda\t\t\t\t\t\t\t\t\t<\/a>\n\t\t\t\t\t\t\t\t<\/li>\n\t\t\t\t\t\t\t\t\t\t\t\t\t\t\t<li class=\"tribe-events-c-subscribe-dropdown__list-item tribe-events-c-subscribe-dropdown__list-item--ical\">\n\t\t\t\t\t\t\t\t\t<a\n\t\t\t\t\t\t\t\t\t\thref=\"\"\n\t\t\t\t\t\t\t\t\t\tclass=\"tribe-events-c-subscribe-dropdown__list-item-link\"\n\t\t\t\t\t\t\t\t\t\ttarget=\"_blank\"\n\t\t\t\t\t\t\t\t\t\trel=\"noopener noreferrer nofollow noindex\"\n\t\t\t\t\t\t\t\t\t>\n\t\t\t\t\t\t\t\t\t\tiCalendar\t\t\t\t\t\t\t\t\t<\/a>\n\t\t\t\t\t\t\t\t<\/li>\n\t\t\t\t\t\t\t\t\t\t\t\t\t\t\t<li class=\"tribe-events-c-subscribe-dropdown__list-item tribe-events-c-subscribe-dropdown__list-item--outlook-365\">\n\t\t\t\t\t\t\t\t\t<a\n\t\t\t\t\t\t\t\t\t\thref=\"\"\n\t\t\t\t\t\t\t\t\t\tclass=\"tribe-events-c-subscribe-dropdown__list-item-link\"\n\t\t\t\t\t\t\t\t\t\ttarget=\"_blank\"\n\t\t\t\t\t\t\t\t\t\trel=\"noopener noreferrer nofollow noindex\"\n\t\t\t\t\t\t\t\t\t>\n\t\t\t\t\t\t\t\t\t\tOutlook 365\t\t\t\t\t\t\t\t\t<\/a>\n\t\t\t\t\t\t\t\t<\/li>\n\t\t\t\t\t\t\t\t\t\t\t\t\t\t\t<li class=\"tribe-events-c-subscribe-dropdown__list-item tribe-events-c-subscribe-dropdown__list-item--outlook-live\">\n\t\t\t\t\t\t\t\t\t<a\n\t\t\t\t\t\t\t\t\t\thref=\"\"\n\t\t\t\t\t\t\t\t\t\tclass=\"tribe-events-c-subscribe-dropdown__list-item-link\"\n\t\t\t\t\t\t\t\t\t\ttarget=\"_blank\"\n\t\t\t\t\t\t\t\t\t\trel=\"noopener noreferrer nofollow noindex\"\n\t\t\t\t\t\t\t\t\t>\n\t\t\t\t\t\t\t\t\t\tOutlook Live\t\t\t\t\t\t\t\t\t<\/a>\n\t\t\t\t\t\t\t\t<\/li>\n\t\t\t\t\t\t\t\t\t\t\t\t\t<\/ul>\n\t\t\t\t\t<\/div>\n\t\t\t\t<\/div>\n\t\t\t<\/div>\n\t\t<\/div>\n\t<\/div>\n\n","protected":false},"excerpt":{"rendered":"<p>\ud83c\udf7d\ufe0f Au menu du mardi 22 mars au Bard\u2019Arts : saveurs gourmandes &amp; pause d\u00e9tente Ce mardi, le Bard\u2019Arts vous invite \u00e0 faire une pause pleine de douceur et de&hellip;&nbsp;<a href=\"https:\/\/lagraineblanquefort.fr\/index.php\/evenement\/dej-de-la-graine-les-petits-garstronomes\/\" class=\"\" rel=\"bookmark\">Lire la suite &raquo;<span class=\"screen-reader-text\">d\u00e9j&rsquo; de la graine &#8211;  \u00ab\u00a0les petits gars&rsquo;tronomes\u00a0\u00bb<\/span><\/a><\/p>\n","protected":false},"author":2,"featured_media":564,"template":"","meta":{"_monsterinsights_skip_tracking":false,"_monsterinsights_sitenote_active":false,"_monsterinsights_sitenote_note":"","_monsterinsights_sitenote_category":0,"_uf_show_specific_survey":0,"_uf_disable_surveys":false,"neve_meta_sidebar":"","neve_meta_container":"","neve_meta_enable_content_width":"","neve_meta_content_width":0,"neve_meta_title_alignment":"","neve_meta_author_avatar":"","neve_post_elements_order":"","neve_meta_disable_header":"","neve_meta_disable_footer":"","neve_meta_disable_title":"","_EventAllDay":false,"_EventTimezone":"Europe\/Paris","_EventStartDate":"2025-04-22 11:30:00","_EventEndDate":"2025-04-22 14:00:00","_EventStartDateUTC":"2025-04-22 09:30:00","_EventEndDateUTC":"2025-04-22 12:00:00","_EventShowMap":false,"_EventShowMapLink":false,"_EventURL":"","_EventCost":"","_EventCostDescription":"","_EventCurrencySymbol":"\u20ac","_EventCurrencyCode":"EUR","_EventCurrencyPosition":"prefix","_EventDateTimeSeparator":" @ ","_EventTimeRangeSeparator":" - ","_EventOrganizerID":[509],"_EventVenueID":[214],"_OrganizerEmail":"","_OrganizerPhone":"","_OrganizerWebsite":"","_VenueAddress":"","_VenueCity":"","_VenueCountry":"","_VenueProvince":"","_VenueState":"","_VenueZip":"","_VenuePhone":"","_VenueURL":"","_VenueStateProvince":"","_VenueLat":"","_VenueLng":"","_VenueShowMap":false,"_VenueShowMapLink":false,"_tribe_events_status":"","_tribe_events_status_reason":"","footnotes":""},"tags":[],"tribe_events_cat":[26],"class_list":["post-563","tribe_events","type-tribe_events","status-publish","has-post-thumbnail","hentry","tribe_events_cat-dejeuner","cat_dejeuner"],"yoast_head":"<!-- This site is optimized with the Yoast SEO plugin v24.5 - https:\/\/yoast.com\/wordpress\/plugins\/seo\/ -->\n<title>d\u00e9j&#039; de la graine - &quot;les petits gars&#039;tronomes&quot; - La graine Blanquefort<\/title>\n<meta name=\"robots\" content=\"index, follow, max-snippet:-1, max-image-preview:large, max-video-preview:-1\" \/>\n<link rel=\"canonical\" href=\"https:\/\/lagraineblanquefort.fr\/index.php\/evenement\/dej-de-la-graine-les-petits-garstronomes\/\" \/>\n<meta property=\"og:locale\" content=\"fr_FR\" \/>\n<meta property=\"og:type\" content=\"article\" \/>\n<meta property=\"og:title\" content=\"d\u00e9j&#039; de la graine - &quot;les petits gars&#039;tronomes&quot; - La graine Blanquefort\" \/>\n<meta property=\"og:description\" content=\"\ud83c\udf7d\ufe0f Au menu du mardi 22 mars au Bard\u2019Arts : saveurs gourmandes &amp; pause d\u00e9tente Ce mardi, le Bard\u2019Arts vous invite \u00e0 faire une pause pleine de douceur et de&hellip;&nbsp;Lire la suite &raquo;d\u00e9j&rsquo; de la graine &#8211; \u00ab\u00a0les petits gars&rsquo;tronomes\u00a0\u00bb\" \/>\n<meta property=\"og:url\" content=\"https:\/\/lagraineblanquefort.fr\/index.php\/evenement\/dej-de-la-graine-les-petits-garstronomes\/\" \/>\n<meta property=\"og:site_name\" content=\"La graine Blanquefort\" \/>\n<meta property=\"article:publisher\" content=\"https:\/\/www.facebook.com\/lagraineblanquefort\" \/>\n<meta property=\"article:modified_time\" content=\"2025-04-17T14:30:14+00:00\" \/>\n<meta property=\"og:image\" content=\"https:\/\/lagraineblanquefort.fr\/wp-content\/uploads\/2025\/03\/lespetitsgarstronomes.jpg\" \/>\n\t<meta property=\"og:image:width\" content=\"452\" \/>\n\t<meta property=\"og:image:height\" content=\"369\" \/>\n\t<meta property=\"og:image:type\" content=\"image\/jpeg\" \/>\n<meta name=\"twitter:card\" content=\"summary_large_image\" \/>\n<meta name=\"twitter:label1\" content=\"Dur\u00e9e de lecture estim\u00e9e\" \/>\n\t<meta name=\"twitter:data1\" content=\"2 minutes\" \/>\n<script type=\"application\/ld+json\" class=\"yoast-schema-graph\">{\"@context\":\"https:\/\/schema.org\",\"@graph\":[{\"@type\":\"WebPage\",\"@id\":\"https:\/\/lagraineblanquefort.fr\/index.php\/evenement\/dej-de-la-graine-les-petits-garstronomes\/\",\"url\":\"https:\/\/lagraineblanquefort.fr\/index.php\/evenement\/dej-de-la-graine-les-petits-garstronomes\/\",\"name\":\"d\u00e9j' de la graine - \\\"les petits gars'tronomes\\\" - La graine Blanquefort\",\"isPartOf\":{\"@id\":\"https:\/\/lagraineblanquefort.fr\/#website\"},\"primaryImageOfPage\":{\"@id\":\"https:\/\/lagraineblanquefort.fr\/index.php\/evenement\/dej-de-la-graine-les-petits-garstronomes\/#primaryimage\"},\"image\":{\"@id\":\"https:\/\/lagraineblanquefort.fr\/index.php\/evenement\/dej-de-la-graine-les-petits-garstronomes\/#primaryimage\"},\"thumbnailUrl\":\"https:\/\/lagraineblanquefort.fr\/wp-content\/uploads\/2025\/03\/lespetitsgarstronomes.jpg\",\"datePublished\":\"2025-03-13T10:04:50+00:00\",\"dateModified\":\"2025-04-17T14:30:14+00:00\",\"breadcrumb\":{\"@id\":\"https:\/\/lagraineblanquefort.fr\/index.php\/evenement\/dej-de-la-graine-les-petits-garstronomes\/#breadcrumb\"},\"inLanguage\":\"fr-FR\",\"potentialAction\":[{\"@type\":\"ReadAction\",\"target\":[\"https:\/\/lagraineblanquefort.fr\/index.php\/evenement\/dej-de-la-graine-les-petits-garstronomes\/\"]}]},{\"@type\":\"ImageObject\",\"inLanguage\":\"fr-FR\",\"@id\":\"https:\/\/lagraineblanquefort.fr\/index.php\/evenement\/dej-de-la-graine-les-petits-garstronomes\/#primaryimage\",\"url\":\"https:\/\/lagraineblanquefort.fr\/wp-content\/uploads\/2025\/03\/lespetitsgarstronomes.jpg\",\"contentUrl\":\"https:\/\/lagraineblanquefort.fr\/wp-content\/uploads\/2025\/03\/lespetitsgarstronomes.jpg\",\"width\":452,\"height\":369},{\"@type\":\"BreadcrumbList\",\"@id\":\"https:\/\/lagraineblanquefort.fr\/index.php\/evenement\/dej-de-la-graine-les-petits-garstronomes\/#breadcrumb\",\"itemListElement\":[{\"@type\":\"ListItem\",\"position\":1,\"name\":\"Accueil\",\"item\":\"https:\/\/lagraineblanquefort.fr\/\"},{\"@type\":\"ListItem\",\"position\":2,\"name\":\"\u00c9v\u00e8nements\",\"item\":\"https:\/\/lagraineblanquefort.fr\/index.php\/events\/\"},{\"@type\":\"ListItem\",\"position\":3,\"name\":\"d\u00e9j&rsquo; de la graine &#8211; \u00ab\u00a0les petits gars&rsquo;tronomes\u00a0\u00bb\"}]},{\"@type\":\"WebSite\",\"@id\":\"https:\/\/lagraineblanquefort.fr\/#website\",\"url\":\"https:\/\/lagraineblanquefort.fr\/\",\"name\":\"La Graine Blanquefort - Tiers-Lieu et espace de coworking\",\"description\":\"Tiers-Lieu et espace de coworking associatif\",\"publisher\":{\"@id\":\"https:\/\/lagraineblanquefort.fr\/#organization\"},\"alternateName\":\"La Graine Blanquefort\",\"potentialAction\":[{\"@type\":\"SearchAction\",\"target\":{\"@type\":\"EntryPoint\",\"urlTemplate\":\"https:\/\/lagraineblanquefort.fr\/?s={search_term_string}\"},\"query-input\":{\"@type\":\"PropertyValueSpecification\",\"valueRequired\":true,\"valueName\":\"search_term_string\"}}],\"inLanguage\":\"fr-FR\"},{\"@type\":\"Organization\",\"@id\":\"https:\/\/lagraineblanquefort.fr\/#organization\",\"name\":\"La graine Blanquefort - Tiers lieu et Espace de coworking\",\"url\":\"https:\/\/lagraineblanquefort.fr\/\",\"logo\":{\"@type\":\"ImageObject\",\"inLanguage\":\"fr-FR\",\"@id\":\"https:\/\/lagraineblanquefort.fr\/#\/schema\/logo\/image\/\",\"url\":\"https:\/\/lagraineblanquefort.fr\/wp-content\/uploads\/2024\/03\/cropped-Logo-1-e1711382865247.jpeg\",\"contentUrl\":\"https:\/\/lagraineblanquefort.fr\/wp-content\/uploads\/2024\/03\/cropped-Logo-1-e1711382865247.jpeg\",\"width\":313,\"height\":313,\"caption\":\"La graine Blanquefort - Tiers lieu et Espace de coworking\"},\"image\":{\"@id\":\"https:\/\/lagraineblanquefort.fr\/#\/schema\/logo\/image\/\"},\"sameAs\":[\"https:\/\/www.facebook.com\/lagraineblanquefort\",\"https:\/\/www.instagram.com\/lagraine_blanquefort\/\",\"https:\/\/www.linkedin.com\/in\/la-graine-blanquefort-2921a0292\/\"]}]}<\/script>\n<!-- \/ Yoast SEO plugin. -->","yoast_head_json":{"title":"d\u00e9j' de la graine - \"les petits gars'tronomes\" - La graine Blanquefort","robots":{"index":"index","follow":"follow","max-snippet":"max-snippet:-1","max-image-preview":"max-image-preview:large","max-video-preview":"max-video-preview:-1"},"canonical":"https:\/\/lagraineblanquefort.fr\/index.php\/evenement\/dej-de-la-graine-les-petits-garstronomes\/","og_locale":"fr_FR","og_type":"article","og_title":"d\u00e9j' de la graine - \"les petits gars'tronomes\" - La graine Blanquefort","og_description":"\ud83c\udf7d\ufe0f Au menu du mardi 22 mars au Bard\u2019Arts : saveurs gourmandes &amp; pause d\u00e9tente Ce mardi, le Bard\u2019Arts vous invite \u00e0 faire une pause pleine de douceur et de&hellip;&nbsp;Lire la suite &raquo;d\u00e9j&rsquo; de la graine &#8211; \u00ab\u00a0les petits gars&rsquo;tronomes\u00a0\u00bb","og_url":"https:\/\/lagraineblanquefort.fr\/index.php\/evenement\/dej-de-la-graine-les-petits-garstronomes\/","og_site_name":"La graine Blanquefort","article_publisher":"https:\/\/www.facebook.com\/lagraineblanquefort","article_modified_time":"2025-04-17T14:30:14+00:00","og_image":[{"width":452,"height":369,"url":"https:\/\/lagraineblanquefort.fr\/wp-content\/uploads\/2025\/03\/lespetitsgarstronomes.jpg","type":"image\/jpeg"}],"twitter_card":"summary_large_image","twitter_misc":{"Dur\u00e9e de lecture estim\u00e9e":"2 minutes"},"schema":{"@context":"https:\/\/schema.org","@graph":[{"@type":"WebPage","@id":"https:\/\/lagraineblanquefort.fr\/index.php\/evenement\/dej-de-la-graine-les-petits-garstronomes\/","url":"https:\/\/lagraineblanquefort.fr\/index.php\/evenement\/dej-de-la-graine-les-petits-garstronomes\/","name":"d\u00e9j' de la graine - \"les petits gars'tronomes\" - La graine Blanquefort","isPartOf":{"@id":"https:\/\/lagraineblanquefort.fr\/#website"},"primaryImageOfPage":{"@id":"https:\/\/lagraineblanquefort.fr\/index.php\/evenement\/dej-de-la-graine-les-petits-garstronomes\/#primaryimage"},"image":{"@id":"https:\/\/lagraineblanquefort.fr\/index.php\/evenement\/dej-de-la-graine-les-petits-garstronomes\/#primaryimage"},"thumbnailUrl":"https:\/\/lagraineblanquefort.fr\/wp-content\/uploads\/2025\/03\/lespetitsgarstronomes.jpg","datePublished":"2025-03-13T10:04:50+00:00","dateModified":"2025-04-17T14:30:14+00:00","breadcrumb":{"@id":"https:\/\/lagraineblanquefort.fr\/index.php\/evenement\/dej-de-la-graine-les-petits-garstronomes\/#breadcrumb"},"inLanguage":"fr-FR","potentialAction":[{"@type":"ReadAction","target":["https:\/\/lagraineblanquefort.fr\/index.php\/evenement\/dej-de-la-graine-les-petits-garstronomes\/"]}]},{"@type":"ImageObject","inLanguage":"fr-FR","@id":"https:\/\/lagraineblanquefort.fr\/index.php\/evenement\/dej-de-la-graine-les-petits-garstronomes\/#primaryimage","url":"https:\/\/lagraineblanquefort.fr\/wp-content\/uploads\/2025\/03\/lespetitsgarstronomes.jpg","contentUrl":"https:\/\/lagraineblanquefort.fr\/wp-content\/uploads\/2025\/03\/lespetitsgarstronomes.jpg","width":452,"height":369},{"@type":"BreadcrumbList","@id":"https:\/\/lagraineblanquefort.fr\/index.php\/evenement\/dej-de-la-graine-les-petits-garstronomes\/#breadcrumb","itemListElement":[{"@type":"ListItem","position":1,"name":"Accueil","item":"https:\/\/lagraineblanquefort.fr\/"},{"@type":"ListItem","position":2,"name":"\u00c9v\u00e8nements","item":"https:\/\/lagraineblanquefort.fr\/index.php\/events\/"},{"@type":"ListItem","position":3,"name":"d\u00e9j&rsquo; de la graine &#8211; \u00ab\u00a0les petits gars&rsquo;tronomes\u00a0\u00bb"}]},{"@type":"WebSite","@id":"https:\/\/lagraineblanquefort.fr\/#website","url":"https:\/\/lagraineblanquefort.fr\/","name":"La Graine Blanquefort - Tiers-Lieu et espace de coworking","description":"Tiers-Lieu et espace de coworking associatif","publisher":{"@id":"https:\/\/lagraineblanquefort.fr\/#organization"},"alternateName":"La Graine Blanquefort","potentialAction":[{"@type":"SearchAction","target":{"@type":"EntryPoint","urlTemplate":"https:\/\/lagraineblanquefort.fr\/?s={search_term_string}"},"query-input":{"@type":"PropertyValueSpecification","valueRequired":true,"valueName":"search_term_string"}}],"inLanguage":"fr-FR"},{"@type":"Organization","@id":"https:\/\/lagraineblanquefort.fr\/#organization","name":"La graine Blanquefort - Tiers lieu et Espace de coworking","url":"https:\/\/lagraineblanquefort.fr\/","logo":{"@type":"ImageObject","inLanguage":"fr-FR","@id":"https:\/\/lagraineblanquefort.fr\/#\/schema\/logo\/image\/","url":"https:\/\/lagraineblanquefort.fr\/wp-content\/uploads\/2024\/03\/cropped-Logo-1-e1711382865247.jpeg","contentUrl":"https:\/\/lagraineblanquefort.fr\/wp-content\/uploads\/2024\/03\/cropped-Logo-1-e1711382865247.jpeg","width":313,"height":313,"caption":"La graine Blanquefort - Tiers lieu et Espace de coworking"},"image":{"@id":"https:\/\/lagraineblanquefort.fr\/#\/schema\/logo\/image\/"},"sameAs":["https:\/\/www.facebook.com\/lagraineblanquefort","https:\/\/www.instagram.com\/lagraine_blanquefort\/","https:\/\/www.linkedin.com\/in\/la-graine-blanquefort-2921a0292\/"]}]}},"_links":{"self":[{"href":"https:\/\/lagraineblanquefort.fr\/index.php\/wp-json\/wp\/v2\/tribe_events\/563","targetHints":{"allow":["GET"]}}],"collection":[{"href":"https:\/\/lagraineblanquefort.fr\/index.php\/wp-json\/wp\/v2\/tribe_events"}],"about":[{"href":"https:\/\/lagraineblanquefort.fr\/index.php\/wp-json\/wp\/v2\/types\/tribe_events"}],"author":[{"embeddable":true,"href":"https:\/\/lagraineblanquefort.fr\/index.php\/wp-json\/wp\/v2\/users\/2"}],"version-history":[{"count":7,"href":"https:\/\/lagraineblanquefort.fr\/index.php\/wp-json\/wp\/v2\/tribe_events\/563\/revisions"}],"predecessor-version":[{"id":611,"href":"https:\/\/lagraineblanquefort.fr\/index.php\/wp-json\/wp\/v2\/tribe_events\/563\/revisions\/611"}],"wp:featuredmedia":[{"embeddable":true,"href":"https:\/\/lagraineblanquefort.fr\/index.php\/wp-json\/wp\/v2\/media\/564"}],"wp:attachment":[{"href":"https:\/\/lagraineblanquefort.fr\/index.php\/wp-json\/wp\/v2\/media?parent=563"}],"wp:term":[{"taxonomy":"post_tag","embeddable":true,"href":"https:\/\/lagraineblanquefort.fr\/index.php\/wp-json\/wp\/v2\/tags?post=563"},{"taxonomy":"tribe_events_cat","embeddable":true,"href":"https:\/\/lagraineblanquefort.fr\/index.php\/wp-json\/wp\/v2\/tribe_events_cat?post=563"}],"curies":[{"name":"wp","href":"https:\/\/api.w.org\/{rel}","templated":true}]}}